{"id":1475,"date":"2023-05-04T06:26:32","date_gmt":"2023-05-04T06:26:32","guid":{"rendered":"https:\/\/burodesign.repro-net.com\/notre-engagement\/"},"modified":"2023-05-29T21:07:16","modified_gmt":"2023-05-29T21:07:16","slug":"notre-engagement","status":"publish","type":"page","link":"https:\/\/www.burodesigninternational.com\/notre-engagement\/","title":{"rendered":"Notre engagement"},"content":{"rendered":"<p>[et_pb_section fb_built=\u00a0\u00bb1&Prime; module_id=\u00a0\u00bbotherpagemenu\u00a0\u00bb module_class=\u00a0\u00bbheader_2&Prime; _builder_version=\u00a0\u00bb4.20.2&Prime; _module_preset=\u00a0\u00bbdefault\u00a0\u00bb background_enable_color=\u00a0\u00bboff\u00a0\u00bb custom_padding=\u00a0\u00bb0px||0px||false|false\u00a0\u00bb global_module=\u00a0\u00bb1893&Prime; saved_tabs=\u00a0\u00bball\u00a0\u00bb locked=\u00a0\u00bboff\u00a0\u00bb global_colors_info=\u00a0\u00bb{}\u00a0\u00bb][et_pb_row _builder_version=\u00a0\u00bb4.20.2&Prime; _module_preset=\u00a0\u00bbdefault\u00a0\u00bb global_colors_info=\u00a0\u00bb{}\u00a0\u00bb][et_pb_column type=\u00a0\u00bb4_4&Prime; _builder_version=\u00a0\u00bb4.16&Prime; _module_preset=\u00a0\u00bbdefault\u00a0\u00bb global_colors_info=\u00a0\u00bb{}\u00a0\u00bb][et_pb_menu menu_style=\u00a0\u00bbcentered\u00a0\u00bb active_link_color=\u00a0\u00bb#e30713&Prime; module_class=\u00a0\u00bbmenu_1&Prime; _builder_version=\u00a0\u00bb4.16&Prime; _module_preset=\u00a0\u00bbdefault\u00a0\u00bb menu_font=\u00a0\u00bb|||on|||||\u00a0\u00bb menu_text_color=\u00a0\u00bb#FFFFFF\u00a0\u00bb menu_font_size=\u00a0\u00bb20px\u00a0\u00bb background_enable_color=\u00a0\u00bboff\u00a0\u00bb global_colors_info=\u00a0\u00bb{}\u00a0\u00bb][\/et_pb_menu][\/et_pb_column][\/et_pb_row][\/et_pb_section][et_pb_section fb_built=\u00a0\u00bb1&Prime; _builder_version=\u00a0\u00bb4.20.2&Prime; _module_preset=\u00a0\u00bbdefault\u00a0\u00bb background_color=\u00a0\u00bb#fff1f1&Prime; custom_padding=\u00a0\u00bb20px||5px||false|false\u00a0\u00bb global_colors_info=\u00a0\u00bb{}\u00a0\u00bb][et_pb_row _builder_version=\u00a0\u00bb4.16&Prime; _module_preset=\u00a0\u00bbdefault\u00a0\u00bb custom_padding=\u00a0\u00bb10px||||false|false\u00a0\u00bb locked=\u00a0\u00bboff\u00a0\u00bb global_colors_info=\u00a0\u00bb{}\u00a0\u00bb][et_pb_column type=\u00a0\u00bb4_4&Prime; _builder_version=\u00a0\u00bb4.16&Prime; _module_preset=\u00a0\u00bbdefault\u00a0\u00bb global_colors_info=\u00a0\u00bb{}\u00a0\u00bb][et_pb_text _builder_version=\u00a0\u00bb4.20.2&Prime; _module_preset=\u00a0\u00bbdefault\u00a0\u00bb header_2_text_align=\u00a0\u00bbcenter\u00a0\u00bb text_orientation=\u00a0\u00bbcenter\u00a0\u00bb global_colors_info=\u00a0\u00bb{}\u00a0\u00bb]<\/p>\n<h2>Notre <span class=\"red-text\">engagement<\/span><\/h2>\n<p>[\/et_pb_text][\/et_pb_column][\/et_pb_row][\/et_pb_section][et_pb_section fb_built=\u00a0\u00bb1&Prime; _builder_version=\u00a0\u00bb4.20.2&Prime; _module_preset=\u00a0\u00bbdefault\u00a0\u00bb custom_padding=\u00a0\u00bb||||false|false\u00a0\u00bb global_colors_info=\u00a0\u00bb{}\u00a0\u00bb][et_pb_row column_structure=\u00a0\u00bb1_2,1_2&Prime; _builder_version=\u00a0\u00bb4.20.2&Prime; _module_preset=\u00a0\u00bbdefault\u00a0\u00bb custom_padding=\u00a0\u00bb||||false|false\u00a0\u00bb global_colors_info=\u00a0\u00bb{}\u00a0\u00bb][et_pb_column type=\u00a0\u00bb1_2&Prime; _builder_version=\u00a0\u00bb4.20.2&Prime; _module_preset=\u00a0\u00bbdefault\u00a0\u00bb global_colors_info=\u00a0\u00bb{}\u00a0\u00bb][et_pb_image src=\u00a0\u00bbhttps:\/\/www.burodesigninternational.com\/wp-content\/uploads\/2023\/05\/engagement.png\u00a0\u00bb title_text=\u00a0\u00bbengagement\u00a0\u00bb _builder_version=\u00a0\u00bb4.20.2&Prime; _module_preset=\u00a0\u00bbdefault\u00a0\u00bb hover_enabled=\u00a0\u00bb0&Prime; global_colors_info=\u00a0\u00bb{}\u00a0\u00bb sticky_enabled=\u00a0\u00bb0&Prime;][\/et_pb_image][\/et_pb_column][et_pb_column type=\u00a0\u00bb1_2&Prime; _builder_version=\u00a0\u00bb4.20.2&Prime; _module_preset=\u00a0\u00bbdefault\u00a0\u00bb global_colors_info=\u00a0\u00bb{}\u00a0\u00bb][et_pb_text _builder_version=\u00a0\u00bb4.20.2&Prime; _module_preset=\u00a0\u00bbdefault\u00a0\u00bb header_2_text_align=\u00a0\u00bbleft\u00a0\u00bb locked=\u00a0\u00bboff\u00a0\u00bb global_colors_info=\u00a0\u00bb{}\u00a0\u00bb]<\/p>\n<h2>Style de vie au <span style=\"color: #e30713;\">travail<\/span><\/h2>\n<p>[\/et_pb_text][et_pb_text _builder_version=\u00a0\u00bb4.20.2&Prime; _module_preset=\u00a0\u00bbdefault\u00a0\u00bb global_colors_info=\u00a0\u00bb{}\u00a0\u00bb]<\/p>\n<p>Nos nouvelles Collections refl\u00e8tent le portrait du style de vie actuel. Nos designs contemporains d&rsquo;inspirations europ\u00e9ennes cr\u00e9ent l&rsquo;image avant-gardiste \u00e0 laquelle les entreprises d&rsquo;aujourd&rsquo;hui s&rsquo;identifient. Nous croyons fermement que nos nouveaux designs contemporains, bonifi\u00e9s de nos nouvelles collections de si\u00e8ges et d&rsquo;aires collaboratives, insufflent un vent de fra\u00eecheur sur nos collections classiques. Celles-ci \u00e9tant toujours offertes afin de permettre une continuit\u00e9 aux projets d\u00e9j\u00e0 r\u00e9alis\u00e9s, le pass\u00e9 \u00e9tant garant du futur.<\/p>\n<p>Les collections institutionnelles ferment la boucle de notre gamme de produits offrant ainsi une s\u00e9lection compl\u00e8te en mati\u00e8re d&rsquo;environnement de collectivit\u00e9.<\/p>\n<p>[\/et_pb_text][\/et_pb_column][\/et_pb_row][et_pb_row _builder_version=\u00a0\u00bb4.20.2&Prime; _module_preset=\u00a0\u00bbdefault\u00a0\u00bb custom_padding=\u00a0\u00bb10px||10px||false|false\u00a0\u00bb global_colors_info=\u00a0\u00bb{}\u00a0\u00bb][et_pb_column type=\u00a0\u00bb4_4&Prime; _builder_version=\u00a0\u00bb4.20.2&Prime; _module_preset=\u00a0\u00bbdefault\u00a0\u00bb global_colors_info=\u00a0\u00bb{}\u00a0\u00bb][et_pb_text module_class=\u00a0\u00bbs_box\u00a0\u00bb _builder_version=\u00a0\u00bb4.20.2&Prime; _module_preset=\u00a0\u00bbdefault\u00a0\u00bb header_4_line_height=\u00a0\u00bb1.5em\u00a0\u00bb header_4_line_height_tablet=\u00a0\u00bb1.5em\u00a0\u00bb header_4_line_height_phone=\u00a0\u00bb1.5em\u00a0\u00bb header_4_line_height_last_edited=\u00a0\u00bbon|desktop\u00a0\u00bb global_colors_info=\u00a0\u00bb{}\u00a0\u00bb]<\/p>\n<h4>Depuis plus de <span style=\"color: #e30713;\">35 ans,<\/span> notre r\u00e9putation, soutenue par notre conformit\u00e9 aux normes ANSI\/ BIFMA et Greenguard, repose sur un service fiable et une qualit\u00e9 irr\u00e9prochable.<\/h4>\n<p>[\/et_pb_text][\/et_pb_column][\/et_pb_row][et_pb_row _builder_version=\u00a0\u00bb4.20.2&Prime; _module_preset=\u00a0\u00bbdefault\u00a0\u00bb global_colors_info=\u00a0\u00bb{}\u00a0\u00bb][et_pb_column type=\u00a0\u00bb4_4&Prime; _builder_version=\u00a0\u00bb4.20.2&Prime; _module_preset=\u00a0\u00bbdefault\u00a0\u00bb global_colors_info=\u00a0\u00bb{}\u00a0\u00bb][et_pb_text _builder_version=\u00a0\u00bb4.20.2&Prime; _module_preset=\u00a0\u00bbdefault\u00a0\u00bb global_colors_info=\u00a0\u00bb{}\u00a0\u00bb]Elle garantit \u00e0 nos utilisateurs un produit d&rsquo;une qualit\u00e9 exceptionnelle.<\/p>\n<p>Notre engagement en ce qui concerne le respect de l&rsquo;environnement nous a amen\u00e9s \u00e0 concevoir une logistique de recyclage des r\u00e9sidus de mati\u00e8re premi\u00e8re et du mat\u00e9riel d&#8217;emballage dans une optique \u00e9co\u00e9nerg\u00e9tique, contribuant ainsi \u00e0 l\u00e9guer un espace de vie de qualit\u00e9 aux g\u00e9n\u00e9rations futures. Ces politiques synth\u00e9tisent notre philosophie d&rsquo;entreprise.[\/et_pb_text][et_pb_button button_url=\u00a0\u00bb@ET-DC@eyJkeW5hbWljIjp0cnVlLCJjb250ZW50IjoicG9zdF9saW5rX3VybF9wYWdlIiwic2V0dGluZ3MiOnsicG9zdF9pZCI6IjM0In19@\u00a0\u00bb button_text=\u00a0\u00bbNous joindre\u00a0\u00bb button_alignment=\u00a0\u00bbleft\u00a0\u00bb _builder_version=\u00a0\u00bb4.20.2&Prime; _dynamic_attributes=\u00a0\u00bbbutton_url\u00a0\u00bb _module_preset=\u00a0\u00bbdefault\u00a0\u00bb custom_button=\u00a0\u00bbon\u00a0\u00bb button_text_color=\u00a0\u00bb#E02B20&Prime; button_use_icon=\u00a0\u00bboff\u00a0\u00bb custom_margin=\u00a0\u00bb0px||||false|false\u00a0\u00bb custom_padding=\u00a0\u00bb||||false|false\u00a0\u00bb locked=\u00a0\u00bboff\u00a0\u00bb global_colors_info=\u00a0\u00bb{}\u00a0\u00bb][\/et_pb_button][\/et_pb_column][\/et_pb_row][\/et_pb_section]<\/p>\n","protected":false},"excerpt":{"rendered":"<p>Notre engagementStyle de vie au travailNos nouvelles Collections refl\u00e8tent le portrait du style de vie actuel. Nos designs contemporains d&rsquo;inspirations europ\u00e9ennes cr\u00e9ent l&rsquo;image avant-gardiste \u00e0 laquelle les entreprises d&rsquo;aujourd&rsquo;hui s&rsquo;identifient. Nous croyons fermement que nos nouveaux designs contemporains, bonifi\u00e9s de nos nouvelles collections de si\u00e8ges et d&rsquo;aires collaboratives, insufflent un vent de fra\u00eecheur sur nos [&hellip;]<\/p>\n","protected":false},"author":2,"featured_media":0,"parent":0,"menu_order":0,"comment_status":"closed","ping_status":"closed","template":"","meta":{"_et_pb_use_builder":"on","_et_pb_old_content":"","_et_gb_content_width":"","footnotes":""},"class_list":["post-1475","page","type-page","status-publish","hentry"],"yoast_head":"<!-- This site is optimized with the Yoast SEO plugin v27.5 - https:\/\/yoast.com\/product\/yoast-seo-wordpress\/ -->\r\n<title>Notre engagement - Buro Design International<\/title>\r\n<meta name=\"robots\" content=\"index, follow, max-snippet:-1, max-image-preview:large, max-video-preview:-1\" \/>\r\n<link rel=\"canonical\" href=\"https:\/\/www.burodesigninternational.com\/notre-engagement\/\" \/>\r\n<meta property=\"og:locale\" content=\"fr_FR\" \/>\r\n<meta property=\"og:type\" content=\"article\" \/>\r\n<meta property=\"og:title\" content=\"Notre engagement - Buro Design International\" \/>\r\n<meta property=\"og:description\" content=\"Notre engagementStyle de vie au travailNos nouvelles Collections refl\u00e8tent le portrait du style de vie actuel. Nos designs contemporains d&#039;inspirations europ\u00e9ennes cr\u00e9ent l&#039;image avant-gardiste \u00e0 laquelle les entreprises d&#039;aujourd&#039;hui s&#039;identifient. Nous croyons fermement que nos nouveaux designs contemporains, bonifi\u00e9s de nos nouvelles collections de si\u00e8ges et d&#039;aires collaboratives, insufflent un vent de fra\u00eecheur sur nos [&hellip;]\" \/>\r\n<meta property=\"og:url\" content=\"https:\/\/www.burodesigninternational.com\/notre-engagement\/\" \/>\r\n<meta property=\"og:site_name\" content=\"Buro Design International\" \/>\r\n<meta property=\"article:publisher\" content=\"https:\/\/www.facebook.com\/burodesignint\/\" \/>\r\n<meta property=\"article:modified_time\" content=\"2023-05-29T21:07:16+00:00\" \/>\r\n<meta name=\"twitter:card\" content=\"summary_large_image\" \/>\r\n<meta name=\"twitter:label1\" content=\"Dur\u00e9e de lecture estim\u00e9e\" \/>\n\t<meta name=\"twitter:data1\" content=\"4 minutes\" \/>\r\n<script type=\"application\/ld+json\" class=\"yoast-schema-graph\">{\"@context\":\"https:\\\/\\\/schema.org\",\"@graph\":[{\"@type\":\"WebPage\",\"@id\":\"https:\\\/\\\/www.burodesigninternational.com\\\/notre-engagement\\\/\",\"url\":\"https:\\\/\\\/www.burodesigninternational.com\\\/notre-engagement\\\/\",\"name\":\"Notre engagement - Buro Design International\",\"isPartOf\":{\"@id\":\"https:\\\/\\\/www.burodesigninternational.com\\\/#website\"},\"datePublished\":\"2023-05-04T06:26:32+00:00\",\"dateModified\":\"2023-05-29T21:07:16+00:00\",\"breadcrumb\":{\"@id\":\"https:\\\/\\\/www.burodesigninternational.com\\\/notre-engagement\\\/#breadcrumb\"},\"inLanguage\":\"fr-FR\",\"potentialAction\":[{\"@type\":\"ReadAction\",\"target\":[\"https:\\\/\\\/www.burodesigninternational.com\\\/notre-engagement\\\/\"]}]},{\"@type\":\"BreadcrumbList\",\"@id\":\"https:\\\/\\\/www.burodesigninternational.com\\\/notre-engagement\\\/#breadcrumb\",\"itemListElement\":[{\"@type\":\"ListItem\",\"position\":1,\"name\":\"Accueil\",\"item\":\"https:\\\/\\\/www.burodesigninternational.com\\\/\"},{\"@type\":\"ListItem\",\"position\":2,\"name\":\"Notre engagement\"}]},{\"@type\":\"WebSite\",\"@id\":\"https:\\\/\\\/www.burodesigninternational.com\\\/#website\",\"url\":\"https:\\\/\\\/www.burodesigninternational.com\\\/\",\"name\":\"Buro Design International\",\"description\":\"\",\"publisher\":{\"@id\":\"https:\\\/\\\/www.burodesigninternational.com\\\/#organization\"},\"potentialAction\":[{\"@type\":\"SearchAction\",\"target\":{\"@type\":\"EntryPoint\",\"urlTemplate\":\"https:\\\/\\\/www.burodesigninternational.com\\\/?s={search_term_string}\"},\"query-input\":{\"@type\":\"PropertyValueSpecification\",\"valueRequired\":true,\"valueName\":\"search_term_string\"}}],\"inLanguage\":\"fr-FR\"},{\"@type\":\"Organization\",\"@id\":\"https:\\\/\\\/www.burodesigninternational.com\\\/#organization\",\"name\":\"Buro Design International\",\"url\":\"https:\\\/\\\/www.burodesigninternational.com\\\/\",\"logo\":{\"@type\":\"ImageObject\",\"inLanguage\":\"fr-FR\",\"@id\":\"https:\\\/\\\/www.burodesigninternational.com\\\/#\\\/schema\\\/logo\\\/image\\\/\",\"url\":\"https:\\\/\\\/www.burodesigninternational.com\\\/wp-content\\\/uploads\\\/2023\\\/05\\\/site_logo.png\",\"contentUrl\":\"https:\\\/\\\/www.burodesigninternational.com\\\/wp-content\\\/uploads\\\/2023\\\/05\\\/site_logo.png\",\"width\":208,\"height\":75,\"caption\":\"Buro Design International\"},\"image\":{\"@id\":\"https:\\\/\\\/www.burodesigninternational.com\\\/#\\\/schema\\\/logo\\\/image\\\/\"},\"sameAs\":[\"https:\\\/\\\/www.facebook.com\\\/burodesignint\\\/\",\"https:\\\/\\\/www.instagram.com\\\/buro.design.international\",\"https:\\\/\\\/www.linkedin.com\\\/company\\\/buro-design-international\\\/\"]}]}<\/script>\r\n<!-- \/ Yoast SEO plugin. -->","yoast_head_json":{"title":"Notre engagement - Buro Design International","robots":{"index":"index","follow":"follow","max-snippet":"max-snippet:-1","max-image-preview":"max-image-preview:large","max-video-preview":"max-video-preview:-1"},"canonical":"https:\/\/www.burodesigninternational.com\/notre-engagement\/","og_locale":"fr_FR","og_type":"article","og_title":"Notre engagement - Buro Design International","og_description":"Notre engagementStyle de vie au travailNos nouvelles Collections refl\u00e8tent le portrait du style de vie actuel. Nos designs contemporains d'inspirations europ\u00e9ennes cr\u00e9ent l'image avant-gardiste \u00e0 laquelle les entreprises d'aujourd'hui s'identifient. Nous croyons fermement que nos nouveaux designs contemporains, bonifi\u00e9s de nos nouvelles collections de si\u00e8ges et d'aires collaboratives, insufflent un vent de fra\u00eecheur sur nos [&hellip;]","og_url":"https:\/\/www.burodesigninternational.com\/notre-engagement\/","og_site_name":"Buro Design International","article_publisher":"https:\/\/www.facebook.com\/burodesignint\/","article_modified_time":"2023-05-29T21:07:16+00:00","twitter_card":"summary_large_image","twitter_misc":{"Dur\u00e9e de lecture estim\u00e9e":"4 minutes"},"schema":{"@context":"https:\/\/schema.org","@graph":[{"@type":"WebPage","@id":"https:\/\/www.burodesigninternational.com\/notre-engagement\/","url":"https:\/\/www.burodesigninternational.com\/notre-engagement\/","name":"Notre engagement - Buro Design International","isPartOf":{"@id":"https:\/\/www.burodesigninternational.com\/#website"},"datePublished":"2023-05-04T06:26:32+00:00","dateModified":"2023-05-29T21:07:16+00:00","breadcrumb":{"@id":"https:\/\/www.burodesigninternational.com\/notre-engagement\/#breadcrumb"},"inLanguage":"fr-FR","potentialAction":[{"@type":"ReadAction","target":["https:\/\/www.burodesigninternational.com\/notre-engagement\/"]}]},{"@type":"BreadcrumbList","@id":"https:\/\/www.burodesigninternational.com\/notre-engagement\/#breadcrumb","itemListElement":[{"@type":"ListItem","position":1,"name":"Accueil","item":"https:\/\/www.burodesigninternational.com\/"},{"@type":"ListItem","position":2,"name":"Notre engagement"}]},{"@type":"WebSite","@id":"https:\/\/www.burodesigninternational.com\/#website","url":"https:\/\/www.burodesigninternational.com\/","name":"Buro Design International","description":"","publisher":{"@id":"https:\/\/www.burodesigninternational.com\/#organization"},"potentialAction":[{"@type":"SearchAction","target":{"@type":"EntryPoint","urlTemplate":"https:\/\/www.burodesigninternational.com\/?s={search_term_string}"},"query-input":{"@type":"PropertyValueSpecification","valueRequired":true,"valueName":"search_term_string"}}],"inLanguage":"fr-FR"},{"@type":"Organization","@id":"https:\/\/www.burodesigninternational.com\/#organization","name":"Buro Design International","url":"https:\/\/www.burodesigninternational.com\/","logo":{"@type":"ImageObject","inLanguage":"fr-FR","@id":"https:\/\/www.burodesigninternational.com\/#\/schema\/logo\/image\/","url":"https:\/\/www.burodesigninternational.com\/wp-content\/uploads\/2023\/05\/site_logo.png","contentUrl":"https:\/\/www.burodesigninternational.com\/wp-content\/uploads\/2023\/05\/site_logo.png","width":208,"height":75,"caption":"Buro Design International"},"image":{"@id":"https:\/\/www.burodesigninternational.com\/#\/schema\/logo\/image\/"},"sameAs":["https:\/\/www.facebook.com\/burodesignint\/","https:\/\/www.instagram.com\/buro.design.international","https:\/\/www.linkedin.com\/company\/buro-design-international\/"]}]}},"_links":{"self":[{"href":"https:\/\/www.burodesigninternational.com\/wp-json\/wp\/v2\/pages\/1475","targetHints":{"allow":["GET"]}}],"collection":[{"href":"https:\/\/www.burodesigninternational.com\/wp-json\/wp\/v2\/pages"}],"about":[{"href":"https:\/\/www.burodesigninternational.com\/wp-json\/wp\/v2\/types\/page"}],"author":[{"embeddable":true,"href":"https:\/\/www.burodesigninternational.com\/wp-json\/wp\/v2\/users\/2"}],"replies":[{"embeddable":true,"href":"https:\/\/www.burodesigninternational.com\/wp-json\/wp\/v2\/comments?post=1475"}],"version-history":[{"count":3,"href":"https:\/\/www.burodesigninternational.com\/wp-json\/wp\/v2\/pages\/1475\/revisions"}],"predecessor-version":[{"id":5743,"href":"https:\/\/www.burodesigninternational.com\/wp-json\/wp\/v2\/pages\/1475\/revisions\/5743"}],"wp:attachment":[{"href":"https:\/\/www.burodesigninternational.com\/wp-json\/wp\/v2\/media?parent=1475"}],"curies":[{"name":"wp","href":"https:\/\/api.w.org\/{rel}","templated":true}]}}